{"id":1491,"date":"2019-10-16T16:14:43","date_gmt":"2019-10-16T16:14:43","guid":{"rendered":"https:\/\/the7.io\/company\/?page_id=1491"},"modified":"2026-03-12T08:29:38","modified_gmt":"2026-03-12T14:29:38","slug":"blog","status":"publish","type":"page","link":"https:\/\/unmgp.gob.gt\/es\/blog\/","title":{"rendered":"Blog"},"content":{"rendered":"<div class=\"wpb-content-wrapper\"><p>[vc_row][vc_column css=\u00bb.vc_custom_1575296582826{padding-bottom: 30px !important;}\u00bb]<style type=\"text\/css\" data-type=\"the7_shortcodes-inline-css\">.blog-shortcode.blog-masonry-shortcode-id-d9f10a7f387213f7ea183fb4c6f35f8f.dividers-on.classic-layout-list article {\n  padding-top: 0;\n}\n.blog-shortcode.blog-masonry-shortcode-id-d9f10a7f387213f7ea183fb4c6f35f8f.dividers-on.classic-layout-list article:first-of-type {\n  margin-top: 0;\n  padding-top: 0;\n}\n.blog-shortcode.blog-masonry-shortcode-id-d9f10a7f387213f7ea183fb4c6f35f8f.classic-layout-list.mode-list .post-entry-content {\n  width: calc(100% - );\n}\n.blog-shortcode.blog-masonry-shortcode-id-d9f10a7f387213f7ea183fb4c6f35f8f.classic-layout-list.mode-list .no-img .post-entry-content {\n  width: 100%;\n}\n.blog-shortcode.blog-masonry-shortcode-id-d9f10a7f387213f7ea183fb4c6f35f8f .filter-bg-decoration .filter-categories a.act {\n  color: #fff;\n}\n.blog-shortcode.blog-masonry-shortcode-id-d9f10a7f387213f7ea183fb4c6f35f8f:not(.mode-masonry) article:first-of-type,\n.blog-shortcode.blog-masonry-shortcode-id-d9f10a7f387213f7ea183fb4c6f35f8f:not(.mode-masonry) article.visible.first:not(.product) {\n  margin-top: 0;\n}\n.blog-shortcode.blog-masonry-shortcode-id-d9f10a7f387213f7ea183fb4c6f35f8f.dividers-on:not(.mode-masonry) article {\n  margin-top: 0;\n}\n.blog-shortcode.blog-masonry-shortcode-id-d9f10a7f387213f7ea183fb4c6f35f8f.dividers-on:not(.mode-masonry) article:first-of-type,\n.blog-shortcode.blog-masonry-shortcode-id-d9f10a7f387213f7ea183fb4c6f35f8f.dividers-on:not(.mode-masonry) article.visible.first:not(.product) {\n  margin-top: 0;\n  padding-top: 0;\n}\n.blog-shortcode.blog-masonry-shortcode-id-d9f10a7f387213f7ea183fb4c6f35f8f .post-thumbnail-wrap {\n  padding: 0px 0px 0px 0px;\n}\n.blog-shortcode.blog-masonry-shortcode-id-d9f10a7f387213f7ea183fb4c6f35f8f.enable-bg-rollover .post-thumbnail-rollover:after {\n  background: -webkit-linear-gradient();\n  background: linear-gradient();\n}\n.blog-shortcode.blog-masonry-shortcode-id-d9f10a7f387213f7ea183fb4c6f35f8f .gallery-zoom-ico {\n  width: 44px;\n  height: 44px;\n  line-height: 44px;\n  border-radius: 100px;\n  margin: -22px 0 0 -22px;\n  border-width: 0px;\n  color: #ffffff;\n}\n.bottom-overlap-layout-list.blog-shortcode.blog-masonry-shortcode-id-d9f10a7f387213f7ea183fb4c6f35f8f .gallery-zoom-ico {\n  margin-top: -72px;\n}\n.gradient-overlay-layout-list.blog-shortcode.blog-masonry-shortcode-id-d9f10a7f387213f7ea183fb4c6f35f8f .gallery-zoom-ico,\n.content-rollover-layout-list.blog-shortcode.blog-masonry-shortcode-id-d9f10a7f387213f7ea183fb4c6f35f8f .gallery-zoom-ico {\n  margin: 0 0 10px;\n}\n.content-align-center.gradient-overlay-layout-list.blog-shortcode.blog-masonry-shortcode-id-d9f10a7f387213f7ea183fb4c6f35f8f .gallery-zoom-ico,\n.content-align-center.content-rollover-layout-list.blog-shortcode.blog-masonry-shortcode-id-d9f10a7f387213f7ea183fb4c6f35f8f .gallery-zoom-ico {\n  margin: 0 auto 10px;\n}\n.dt-icon-bg-on.blog-shortcode.blog-masonry-shortcode-id-d9f10a7f387213f7ea183fb4c6f35f8f .gallery-zoom-ico {\n  background: rgba(255,255,255,0.3);\n  box-shadow: none;\n}\n.blog-shortcode.blog-masonry-shortcode-id-d9f10a7f387213f7ea183fb4c6f35f8f .gallery-zoom-ico > span,\n.blog-shortcode.blog-masonry-shortcode-id-d9f10a7f387213f7ea183fb4c6f35f8f .gallery-zoom-ico:before {\n  font-size: 32px;\n  line-height: 44px;\n}\n.blog-shortcode.blog-masonry-shortcode-id-d9f10a7f387213f7ea183fb4c6f35f8f .gallery-zoom-ico > span,\n.blog-shortcode.blog-masonry-shortcode-id-d9f10a7f387213f7ea183fb4c6f35f8f .gallery-zoom-ico:before {\n  color: #ffffff;\n}\n.blog-shortcode.blog-masonry-shortcode-id-d9f10a7f387213f7ea183fb4c6f35f8f .entry-title,\n.blog-shortcode.blog-masonry-shortcode-id-d9f10a7f387213f7ea183fb4c6f35f8f.owl-carousel .entry-title {\n  margin-bottom: 10px;\n  font-size: 34px;\n  line-height: 44px;\n  font-weight: bold;\n}\n.blog-shortcode.blog-masonry-shortcode-id-d9f10a7f387213f7ea183fb4c6f35f8f .entry-meta {\n  margin-bottom: 15px;\n}\n.blog-shortcode.blog-masonry-shortcode-id-d9f10a7f387213f7ea183fb4c6f35f8f .entry-meta * {\n  font-size: 14px;\n  line-height: 24px;\n}\n.blog-shortcode.blog-masonry-shortcode-id-d9f10a7f387213f7ea183fb4c6f35f8f .portfolio-categories {\n  margin-bottom: 15px;\n}\n.blog-shortcode.blog-masonry-shortcode-id-d9f10a7f387213f7ea183fb4c6f35f8f .entry-excerpt {\n  margin-bottom: 10px;\n  font-size: 16px;\n  line-height: 28px;\n}\n.blog-shortcode.blog-masonry-shortcode-id-d9f10a7f387213f7ea183fb4c6f35f8f:not(.centered-layout-list) .post-entry-content {\n  padding: 25px 30px 30px 30px;\n}\n.blog-shortcode.blog-masonry-shortcode-id-d9f10a7f387213f7ea183fb4c6f35f8f:not(.centered-layout-list):not(.content-bg-on):not(.mode-list) .no-img .post-entry-content {\n  padding: 0;\n}\n@media screen and (max-width: ) {\n  .blog-shortcode.blog-masonry-shortcode-id-d9f10a7f387213f7ea183fb4c6f35f8f article {\n    -ms-flex-flow: column nowrap;\n    flex-flow: column nowrap;\n    margin-top: 20px;\n  }\n  .blog-shortcode.blog-masonry-shortcode-id-d9f10a7f387213f7ea183fb4c6f35f8f.dividers-on article {\n    border: none;\n  }\n  .blog-shortcode.blog-masonry-shortcode-id-d9f10a7f387213f7ea183fb4c6f35f8f.content-bg-on.centered-layout-list article {\n    padding: 0;\n  }\n  .blog-shortcode.blog-masonry-shortcode-id-d9f10a7f387213f7ea183fb4c6f35f8f.blog-shortcode.dividers-on article,\n  .blog-shortcode.blog-masonry-shortcode-id-d9f10a7f387213f7ea183fb4c6f35f8f.dividers-on.classic-layout-list article {\n    margin-top: 20px;\n    padding: 0;\n  }\n  .blog-shortcode.blog-masonry-shortcode-id-d9f10a7f387213f7ea183fb4c6f35f8f.blog-shortcode.dividers-on article:first-of-type,\n  .blog-shortcode.blog-masonry-shortcode-id-d9f10a7f387213f7ea183fb4c6f35f8f.dividers-on.classic-layout-list article:first-of-type {\n    padding: 0;\n  }\n  #page .blog-shortcode.blog-masonry-shortcode-id-d9f10a7f387213f7ea183fb4c6f35f8f .post-thumbnail-wrap,\n  #page .blog-shortcode.blog-masonry-shortcode-id-d9f10a7f387213f7ea183fb4c6f35f8f .post-entry-content {\n    width: 100%;\n    margin: 0;\n    top: 0;\n  }\n  #page .blog-shortcode.blog-masonry-shortcode-id-d9f10a7f387213f7ea183fb4c6f35f8f .post-thumbnail-wrap {\n    padding: 0;\n  }\n  #page .blog-shortcode.blog-masonry-shortcode-id-d9f10a7f387213f7ea183fb4c6f35f8f .post-entry-content:after {\n    display: none;\n  }\n  #page .blog-shortcode.blog-masonry-shortcode-id-d9f10a7f387213f7ea183fb4c6f35f8f .project-even .post-thumbnail-wrap,\n  #page .blog-shortcode.blog-masonry-shortcode-id-d9f10a7f387213f7ea183fb4c6f35f8f.centered-layout-list .post-thumbnail-wrap {\n    -ms-flex-order: 0;\n    order: 0;\n  }\n  #page .blog-shortcode.blog-masonry-shortcode-id-d9f10a7f387213f7ea183fb4c6f35f8f.centered-layout-list .post-entry-title-content {\n    -ms-flex-order: 1;\n    order: 1;\n    width: 100%;\n    padding: 20px 20px 0;\n  }\n  #page .blog-shortcode.blog-masonry-shortcode-id-d9f10a7f387213f7ea183fb4c6f35f8f.centered-layout-list .post-entry-content {\n    -ms-flex-order: 2;\n    order: 2;\n    padding-top: 0;\n  }\n  #page .blog-shortcode.blog-masonry-shortcode-id-d9f10a7f387213f7ea183fb4c6f35f8f .fancy-categories {\n    top: 10px;\n    left: 10px;\n    bottom: auto;\n    right: auto;\n  }\n  #page .blog-shortcode.blog-masonry-shortcode-id-d9f10a7f387213f7ea183fb4c6f35f8f .fancy-date a {\n    top: 10px;\n    right: 10px;\n    left: auto;\n    bottom: auto;\n  }\n  #page .blog-shortcode.blog-masonry-shortcode-id-d9f10a7f387213f7ea183fb4c6f35f8f .post-entry-content {\n    padding: 20px;\n  }\n  #page .blog-shortcode.blog-masonry-shortcode-id-d9f10a7f387213f7ea183fb4c6f35f8f .entry-title {\n    margin: 3px 0 5px;\n    font-size: 20px;\n    line-height: 26px;\n  }\n  #page .blog-shortcode.blog-masonry-shortcode-id-d9f10a7f387213f7ea183fb4c6f35f8f .entry-meta {\n    margin: 5px 0 5px;\n  }\n  #page .blog-shortcode.blog-masonry-shortcode-id-d9f10a7f387213f7ea183fb4c6f35f8f .entry-excerpt {\n    margin: 15px 0 0;\n  }\n  #page .blog-shortcode.blog-masonry-shortcode-id-d9f10a7f387213f7ea183fb4c6f35f8f .post-details {\n    margin: 5px 0 10px;\n  }\n  #page .blog-shortcode.blog-masonry-shortcode-id-d9f10a7f387213f7ea183fb4c6f35f8f .post-details.details-type-link {\n    margin-bottom: 2px;\n  }\n}\n.blog-shortcode.blog-masonry-shortcode-id-d9f10a7f387213f7ea183fb4c6f35f8f:not(.resize-by-browser-width) .dt-css-grid {\n  grid-row-gap: 30px;\n  grid-column-gap: 30px;\n  grid-template-columns: repeat(auto-fill,minmax(,1fr));\n}\n.blog-shortcode.blog-masonry-shortcode-id-d9f10a7f387213f7ea183fb4c6f35f8f:not(.resize-by-browser-width) .dt-css-grid .double-width {\n  grid-column: span 2;\n}\n.cssgridlegacy.no-cssgrid .blog-shortcode.blog-masonry-shortcode-id-d9f10a7f387213f7ea183fb4c6f35f8f:not(.resize-by-browser-width) .dt-css-grid,\n.no-cssgridlegacy.no-cssgrid .blog-shortcode.blog-masonry-shortcode-id-d9f10a7f387213f7ea183fb4c6f35f8f:not(.resize-by-browser-width) .dt-css-grid {\n  display: flex;\n  flex-flow: row wrap;\n  margin: -15px;\n}\n.cssgridlegacy.no-cssgrid .blog-shortcode.blog-masonry-shortcode-id-d9f10a7f387213f7ea183fb4c6f35f8f:not(.resize-by-browser-width) .dt-css-grid .wf-cell,\n.no-cssgridlegacy.no-cssgrid .blog-shortcode.blog-masonry-shortcode-id-d9f10a7f387213f7ea183fb4c6f35f8f:not(.resize-by-browser-width) .dt-css-grid .wf-cell {\n  flex: 1 0 ;\n  max-width: 100%;\n  padding: 15px;\n  box-sizing: border-box;\n}\n.blog-shortcode.blog-masonry-shortcode-id-d9f10a7f387213f7ea183fb4c6f35f8f.resize-by-browser-width .dt-css-grid {\n  grid-template-columns: repeat(1,1fr);\n  grid-template-rows: auto;\n  grid-column-gap: 30px;\n  grid-row-gap: 30px;\n}\n.blog-shortcode.blog-masonry-shortcode-id-d9f10a7f387213f7ea183fb4c6f35f8f.resize-by-browser-width .dt-css-grid .double-width {\n  grid-column: span 2;\n}\n.cssgridlegacy.no-cssgrid .blog-shortcode.blog-masonry-shortcode-id-d9f10a7f387213f7ea183fb4c6f35f8f.resize-by-browser-width .dt-css-grid {\n  margin: -15px;\n}\n.cssgridlegacy.no-cssgrid .blog-shortcode.blog-masonry-shortcode-id-d9f10a7f387213f7ea183fb4c6f35f8f.resize-by-browser-width .dt-css-grid .wf-cell {\n  width: 100%;\n  padding: 15px;\n}\n.cssgridlegacy.no-cssgrid .blog-shortcode.blog-masonry-shortcode-id-d9f10a7f387213f7ea183fb4c6f35f8f.resize-by-browser-width .dt-css-grid .wf-cell.double-width {\n  width: calc(100%) * 2;\n}\n.blog-shortcode.blog-masonry-shortcode-id-d9f10a7f387213f7ea183fb4c6f35f8f.resize-by-browser-width:not(.centered-layout-list):not(.content-bg-on) .dt-css-grid {\n  grid-row-gap: 0px;\n}\n@media screen and (max-width: 1199px) {\n  .blog-shortcode.blog-masonry-shortcode-id-d9f10a7f387213f7ea183fb4c6f35f8f.resize-by-browser-width .dt-css-grid {\n    grid-template-columns: repeat(1,1fr);\n  }\n  .cssgridlegacy.no-cssgrid .blog-shortcode.blog-masonry-shortcode-id-d9f10a7f387213f7ea183fb4c6f35f8f.resize-by-browser-width .dt-css-grid .wf-cell,\n  .no-cssgridlegacy.no-cssgrid .blog-shortcode.blog-masonry-shortcode-id-d9f10a7f387213f7ea183fb4c6f35f8f.resize-by-browser-width .dt-css-grid .wf-cell {\n    width: 100%;\n  }\n  .cssgridlegacy.no-cssgrid .blog-shortcode.blog-masonry-shortcode-id-d9f10a7f387213f7ea183fb4c6f35f8f.resize-by-browser-width .dt-css-grid .wf-cell.double-width,\n  .no-cssgridlegacy.no-cssgrid .blog-shortcode.blog-masonry-shortcode-id-d9f10a7f387213f7ea183fb4c6f35f8f.resize-by-browser-width .dt-css-grid .wf-cell.double-width {\n    width: calc(100%)*2;\n  }\n}\n@media screen and (max-width: 991px) {\n  .blog-shortcode.blog-masonry-shortcode-id-d9f10a7f387213f7ea183fb4c6f35f8f.resize-by-browser-width .dt-css-grid {\n    grid-template-columns: repeat(1,1fr);\n  }\n  .cssgridlegacy.no-cssgrid .blog-shortcode.blog-masonry-shortcode-id-d9f10a7f387213f7ea183fb4c6f35f8f.resize-by-browser-width .dt-css-grid .wf-cell,\n  .no-cssgridlegacy.no-cssgrid .blog-shortcode.blog-masonry-shortcode-id-d9f10a7f387213f7ea183fb4c6f35f8f.resize-by-browser-width .dt-css-grid .wf-cell {\n    width: 100%;\n  }\n  .cssgridlegacy.no-cssgrid .blog-shortcode.blog-masonry-shortcode-id-d9f10a7f387213f7ea183fb4c6f35f8f.resize-by-browser-width .dt-css-grid .wf-cell.double-width,\n  .no-cssgridlegacy.no-cssgrid .blog-shortcode.blog-masonry-shortcode-id-d9f10a7f387213f7ea183fb4c6f35f8f.resize-by-browser-width .dt-css-grid .wf-cell.double-width {\n    width: calc(100%)*2;\n  }\n}\n@media screen and (max-width: 767px) {\n  .blog-shortcode.blog-masonry-shortcode-id-d9f10a7f387213f7ea183fb4c6f35f8f.resize-by-browser-width .dt-css-grid {\n    grid-template-columns: repeat(1,1fr);\n  }\n  .blog-shortcode.blog-masonry-shortcode-id-d9f10a7f387213f7ea183fb4c6f35f8f.resize-by-browser-width .dt-css-grid .double-width {\n    grid-column: span 1;\n  }\n  .cssgridlegacy.no-cssgrid .blog-shortcode.blog-masonry-shortcode-id-d9f10a7f387213f7ea183fb4c6f35f8f.resize-by-browser-width .dt-css-grid .wf-cell,\n  .no-cssgridlegacy.no-cssgrid .blog-shortcode.blog-masonry-shortcode-id-d9f10a7f387213f7ea183fb4c6f35f8f.resize-by-browser-width .dt-css-grid .wf-cell {\n    width: 100%;\n  }\n  .cssgridlegacy.no-cssgrid .blog-shortcode.blog-masonry-shortcode-id-d9f10a7f387213f7ea183fb4c6f35f8f.resize-by-browser-width .dt-css-grid .wf-cell.double-width,\n  .no-cssgridlegacy.no-cssgrid .blog-shortcode.blog-masonry-shortcode-id-d9f10a7f387213f7ea183fb4c6f35f8f.resize-by-browser-width .dt-css-grid .wf-cell.double-width {\n    width: calc(100%)*2;\n  }\n}\n<\/style><div class=\"blog-shortcode blog-masonry-shortcode-id-d9f10a7f387213f7ea183fb4c6f35f8f mode-grid classic-layout-list content-bg-on jquery-filter vertical-fancy-style dt-css-grid-wrap dt-icon-bg-off resize-by-browser-width loading-effect-none description-under-image \" data-padding=\"15px\" data-cur-page=\"1\" data-post-limit=\"-1\" data-pagination-mode=\"none\" data-desktop-columns-num=\"1\" data-v-tablet-columns-num=\"1\" data-h-tablet-columns-num=\"1\" data-phone-columns-num=\"1\" data-width=\"0px\" data-columns=\"0\"><div class=\"dt-css-grid\" ><div class=\"visible wf-cell\" data-post-id=\"6895\" data-date=\"2025-12-23T13:23:31-06:00\" data-name=\"Principales logros del a\u00f1o en el Centro de Cumplimiento de Condenas para Mujeres Fraijanes 1\"><article class=\"post project-odd visible post-6895 type-post status-publish format-standard has-post-thumbnail hentry category-noticias category-20\" data-name=\"Principales logros del a\u00f1o en el Centro de Cumplimiento de Condenas para Mujeres Fraijanes 1\" data-date=\"2025-12-23T13:23:31-06:00\">\n\n<div class=\"post-thumbnail-wrap\">\n\t<div class=\"post-thumbnail\">\n\t\t\n\t\t<span class=\"fancy-categories\"><a href=\"https:\/\/unmgp.gob.gt\/es\/category\/noticias\/\" rel=\"category tag\" style=\"background-color:#;color:#;\">Noticias<\/a><\/span>\n\t\t<a href=\"https:\/\/unmgp.gob.gt\/es\/2025\/12\/23\/actividades-navidenas-fortalecen-la-rehabilitacion-a-traves-del-arte-en-el-centro-de-cumplimiento-de-condenas-para-mujeres-fraijanes-1-2\/\" class=\"post-thumbnail-rollover layzr-bg layzr-bg\" ><img fetchpriority=\"high\" decoding=\"async\" class=\"iso-lazy-load preload-me iso-lazy-load aspect\" src=\"data:image\/svg+xml,%3Csvg%20xmlns%3D&#39;http%3A%2F%2Fwww.w3.org%2F2000%2Fsvg&#39;%20viewBox%3D&#39;0%200%20990%20495&#39;%2F%3E\" data-src=\"https:\/\/unmgp.gob.gt\/es\/wp-content\/uploads\/2025\/12\/graduandas-990x495.jpg\" data-srcset=\"https:\/\/unmgp.gob.gt\/es\/wp-content\/uploads\/2025\/12\/graduandas-990x495.jpg 990w, https:\/\/unmgp.gob.gt\/es\/wp-content\/uploads\/2025\/12\/graduandas-1485x743.jpg 1485w\" loading=\"eager\" style=\"--ratio: 990 \/ 495\" sizes=\"(max-width: 990px) 100vw, 990px\" alt=\"\" title=\"graduandas\" width=\"990\" height=\"495\"  \/><\/a>\t<\/div>\n<\/div>\n\n\n<div class=\"post-entry-content\">\n\n\t<h3 class=\"entry-title\">\n\t\t<a href=\"https:\/\/unmgp.gob.gt\/es\/2025\/12\/23\/actividades-navidenas-fortalecen-la-rehabilitacion-a-traves-del-arte-en-el-centro-de-cumplimiento-de-condenas-para-mujeres-fraijanes-1-2\/\" title=\"Principales logros del a\u00f1o en el Centro de Cumplimiento de Condenas para Mujeres Fraijanes 1\" rel=\"bookmark\">Principales logros del a\u00f1o en el Centro de Cumplimiento de Condenas para Mujeres Fraijanes 1<\/a>\n\t<\/h3>\n\n\t<div class=\"entry-meta\"><span class=\"category-link\"><a href=\"https:\/\/unmgp.gob.gt\/es\/category\/noticias\/\" >Noticias<\/a><\/span><a href=\"https:\/\/unmgp.gob.gt\/es\/2025\/12\/23\/\" title=\"1:23 pm\" class=\"data-link\" rel=\"bookmark\"><time class=\"entry-date updated\" datetime=\"2025-12-23T13:23:31-06:00\">diciembre 23, 2025<\/time><\/a><a href=\"https:\/\/unmgp.gob.gt\/es\/2025\/12\/23\/actividades-navidenas-fortalecen-la-rehabilitacion-a-traves-del-arte-en-el-centro-de-cumplimiento-de-condenas-para-mujeres-fraijanes-1-2\/#respond\" class=\"comment-link\" >Deja un comentario<\/a><\/div>\n\t<div class=\"entry-excerpt\"><p>Durante el a\u00f1o, el Centro de Cumplimiento de Condenas para Mujeres Fraijanes 1 consolid\u00f3 avances significativos en materia de rehabilitaci\u00f3n, fortaleciendo un modelo de gesti\u00f3n penitenciaria que prioriza la transformaci\u00f3n integral de las privadas de libertad y su reinserci\u00f3n positiva a la sociedad.<\/p>\n<\/div>\n\t\n<a href=\"https:\/\/unmgp.gob.gt\/es\/2025\/12\/23\/actividades-navidenas-fortalecen-la-rehabilitacion-a-traves-del-arte-en-el-centro-de-cumplimiento-de-condenas-para-mujeres-fraijanes-1-2\/\" class=\"dt-btn-s dt-btn post-details details-type-btn\" aria-label=\"Read more about Principales logros del a\u00f1o en el Centro de Cumplimiento de Condenas para Mujeres Fraijanes 1\">Leer noticia<i class=\"dt-icon-the7-arrow-03\" aria-hidden=\"true\"><\/i><\/a>\n\n<\/div><\/article><\/div><\/div><!-- iso-container|iso-grid --><\/div>[\/vc_column][vc_column]<style type=\"text\/css\" data-type=\"the7_shortcodes-inline-css\">.blog-shortcode.blog-masonry-shortcode-id-4bb5200cd0d4f630e484ee803149e21e.dividers-on.classic-layout-list article {\n  padding-top: 0;\n}\n.blog-shortcode.blog-masonry-shortcode-id-4bb5200cd0d4f630e484ee803149e21e.dividers-on.classic-layout-list article:first-of-type {\n  margin-top: 0;\n  padding-top: 0;\n}\n.blog-shortcode.blog-masonry-shortcode-id-4bb5200cd0d4f630e484ee803149e21e.classic-layout-list.mode-list .post-entry-content {\n  width: calc(100% - );\n}\n.blog-shortcode.blog-masonry-shortcode-id-4bb5200cd0d4f630e484ee803149e21e.classic-layout-list.mode-list .no-img .post-entry-content {\n  width: 100%;\n}\n.blog-shortcode.blog-masonry-shortcode-id-4bb5200cd0d4f630e484ee803149e21e .filter-bg-decoration .filter-categories a.act {\n  color: #fff;\n}\n.blog-shortcode.blog-masonry-shortcode-id-4bb5200cd0d4f630e484ee803149e21e:not(.mode-masonry) article:first-of-type,\n.blog-shortcode.blog-masonry-shortcode-id-4bb5200cd0d4f630e484ee803149e21e:not(.mode-masonry) article.visible.first:not(.product) {\n  margin-top: 0;\n}\n.blog-shortcode.blog-masonry-shortcode-id-4bb5200cd0d4f630e484ee803149e21e.dividers-on:not(.mode-masonry) article {\n  margin-top: 0;\n}\n.blog-shortcode.blog-masonry-shortcode-id-4bb5200cd0d4f630e484ee803149e21e.dividers-on:not(.mode-masonry) article:first-of-type,\n.blog-shortcode.blog-masonry-shortcode-id-4bb5200cd0d4f630e484ee803149e21e.dividers-on:not(.mode-masonry) article.visible.first:not(.product) {\n  margin-top: 0;\n  padding-top: 0;\n}\n.blog-shortcode.blog-masonry-shortcode-id-4bb5200cd0d4f630e484ee803149e21e .post-thumbnail-wrap {\n  padding: 0px 0px 0px 0px;\n}\n.blog-shortcode.blog-masonry-shortcode-id-4bb5200cd0d4f630e484ee803149e21e.enable-bg-rollover .post-thumbnail-rollover:after {\n  background: -webkit-linear-gradient();\n  background: linear-gradient();\n}\n.blog-shortcode.blog-masonry-shortcode-id-4bb5200cd0d4f630e484ee803149e21e .gallery-zoom-ico {\n  width: 44px;\n  height: 44px;\n  line-height: 44px;\n  border-radius: 100px;\n  margin: -22px 0 0 -22px;\n  border-width: 0px;\n  color: #ffffff;\n}\n.bottom-overlap-layout-list.blog-shortcode.blog-masonry-shortcode-id-4bb5200cd0d4f630e484ee803149e21e .gallery-zoom-ico {\n  margin-top: -72px;\n}\n.gradient-overlay-layout-list.blog-shortcode.blog-masonry-shortcode-id-4bb5200cd0d4f630e484ee803149e21e .gallery-zoom-ico,\n.content-rollover-layout-list.blog-shortcode.blog-masonry-shortcode-id-4bb5200cd0d4f630e484ee803149e21e .gallery-zoom-ico {\n  margin: 0 0 10px;\n}\n.content-align-center.gradient-overlay-layout-list.blog-shortcode.blog-masonry-shortcode-id-4bb5200cd0d4f630e484ee803149e21e .gallery-zoom-ico,\n.content-align-center.content-rollover-layout-list.blog-shortcode.blog-masonry-shortcode-id-4bb5200cd0d4f630e484ee803149e21e .gallery-zoom-ico {\n  margin: 0 auto 10px;\n}\n.dt-icon-bg-on.blog-shortcode.blog-masonry-shortcode-id-4bb5200cd0d4f630e484ee803149e21e .gallery-zoom-ico {\n  background: rgba(255,255,255,0.3);\n  box-shadow: none;\n}\n.blog-shortcode.blog-masonry-shortcode-id-4bb5200cd0d4f630e484ee803149e21e .gallery-zoom-ico > span,\n.blog-shortcode.blog-masonry-shortcode-id-4bb5200cd0d4f630e484ee803149e21e .gallery-zoom-ico:before {\n  font-size: 32px;\n  line-height: 44px;\n}\n.blog-shortcode.blog-masonry-shortcode-id-4bb5200cd0d4f630e484ee803149e21e .gallery-zoom-ico > span,\n.blog-shortcode.blog-masonry-shortcode-id-4bb5200cd0d4f630e484ee803149e21e .gallery-zoom-ico:before {\n  color: #ffffff;\n}\n.blog-shortcode.blog-masonry-shortcode-id-4bb5200cd0d4f630e484ee803149e21e .entry-title,\n.blog-shortcode.blog-masonry-shortcode-id-4bb5200cd0d4f630e484ee803149e21e.owl-carousel .entry-title {\n  margin-bottom: 5px;\n  font-weight: bold;\n}\n.blog-shortcode.blog-masonry-shortcode-id-4bb5200cd0d4f630e484ee803149e21e .entry-meta {\n  margin-bottom: 15px;\n}\n.blog-shortcode.blog-masonry-shortcode-id-4bb5200cd0d4f630e484ee803149e21e .portfolio-categories {\n  margin-bottom: 15px;\n}\n.blog-shortcode.blog-masonry-shortcode-id-4bb5200cd0d4f630e484ee803149e21e .entry-excerpt {\n  margin-bottom: 5px;\n}\n.blog-shortcode.blog-masonry-shortcode-id-4bb5200cd0d4f630e484ee803149e21e:not(.centered-layout-list) .post-entry-content {\n  padding: 25px 30px 30px 30px;\n}\n.blog-shortcode.blog-masonry-shortcode-id-4bb5200cd0d4f630e484ee803149e21e:not(.centered-layout-list):not(.content-bg-on):not(.mode-list) .no-img .post-entry-content {\n  padding: 0;\n}\n@media screen and (max-width: ) {\n  .blog-shortcode.blog-masonry-shortcode-id-4bb5200cd0d4f630e484ee803149e21e article {\n    -ms-flex-flow: column nowrap;\n    flex-flow: column nowrap;\n    margin-top: 20px;\n  }\n  .blog-shortcode.blog-masonry-shortcode-id-4bb5200cd0d4f630e484ee803149e21e.dividers-on article {\n    border: none;\n  }\n  .blog-shortcode.blog-masonry-shortcode-id-4bb5200cd0d4f630e484ee803149e21e.content-bg-on.centered-layout-list article {\n    padding: 0;\n  }\n  .blog-shortcode.blog-masonry-shortcode-id-4bb5200cd0d4f630e484ee803149e21e.blog-shortcode.dividers-on article,\n  .blog-shortcode.blog-masonry-shortcode-id-4bb5200cd0d4f630e484ee803149e21e.dividers-on.classic-layout-list article {\n    margin-top: 20px;\n    padding: 0;\n  }\n  .blog-shortcode.blog-masonry-shortcode-id-4bb5200cd0d4f630e484ee803149e21e.blog-shortcode.dividers-on article:first-of-type,\n  .blog-shortcode.blog-masonry-shortcode-id-4bb5200cd0d4f630e484ee803149e21e.dividers-on.classic-layout-list article:first-of-type {\n    padding: 0;\n  }\n  #page .blog-shortcode.blog-masonry-shortcode-id-4bb5200cd0d4f630e484ee803149e21e .post-thumbnail-wrap,\n  #page .blog-shortcode.blog-masonry-shortcode-id-4bb5200cd0d4f630e484ee803149e21e .post-entry-content {\n    width: 100%;\n    margin: 0;\n    top: 0;\n  }\n  #page .blog-shortcode.blog-masonry-shortcode-id-4bb5200cd0d4f630e484ee803149e21e .post-thumbnail-wrap {\n    padding: 0;\n  }\n  #page .blog-shortcode.blog-masonry-shortcode-id-4bb5200cd0d4f630e484ee803149e21e .post-entry-content:after {\n    display: none;\n  }\n  #page .blog-shortcode.blog-masonry-shortcode-id-4bb5200cd0d4f630e484ee803149e21e .project-even .post-thumbnail-wrap,\n  #page .blog-shortcode.blog-masonry-shortcode-id-4bb5200cd0d4f630e484ee803149e21e.centered-layout-list .post-thumbnail-wrap {\n    -ms-flex-order: 0;\n    order: 0;\n  }\n  #page .blog-shortcode.blog-masonry-shortcode-id-4bb5200cd0d4f630e484ee803149e21e.centered-layout-list .post-entry-title-content {\n    -ms-flex-order: 1;\n    order: 1;\n    width: 100%;\n    padding: 20px 20px 0;\n  }\n  #page .blog-shortcode.blog-masonry-shortcode-id-4bb5200cd0d4f630e484ee803149e21e.centered-layout-list .post-entry-content {\n    -ms-flex-order: 2;\n    order: 2;\n    padding-top: 0;\n  }\n  #page .blog-shortcode.blog-masonry-shortcode-id-4bb5200cd0d4f630e484ee803149e21e .fancy-categories {\n    top: 10px;\n    left: 10px;\n    bottom: auto;\n    right: auto;\n  }\n  #page .blog-shortcode.blog-masonry-shortcode-id-4bb5200cd0d4f630e484ee803149e21e .fancy-date a {\n    top: 10px;\n    right: 10px;\n    left: auto;\n    bottom: auto;\n  }\n  #page .blog-shortcode.blog-masonry-shortcode-id-4bb5200cd0d4f630e484ee803149e21e .post-entry-content {\n    padding: 20px;\n  }\n  #page .blog-shortcode.blog-masonry-shortcode-id-4bb5200cd0d4f630e484ee803149e21e .entry-title {\n    margin: 3px 0 5px;\n    font-size: 20px;\n    line-height: 26px;\n  }\n  #page .blog-shortcode.blog-masonry-shortcode-id-4bb5200cd0d4f630e484ee803149e21e .entry-meta {\n    margin: 5px 0 5px;\n  }\n  #page .blog-shortcode.blog-masonry-shortcode-id-4bb5200cd0d4f630e484ee803149e21e .entry-excerpt {\n    margin: 15px 0 0;\n  }\n  #page .blog-shortcode.blog-masonry-shortcode-id-4bb5200cd0d4f630e484ee803149e21e .post-details {\n    margin: 5px 0 10px;\n  }\n  #page .blog-shortcode.blog-masonry-shortcode-id-4bb5200cd0d4f630e484ee803149e21e .post-details.details-type-link {\n    margin-bottom: 2px;\n  }\n}\n.blog-shortcode.blog-masonry-shortcode-id-4bb5200cd0d4f630e484ee803149e21e:not(.resize-by-browser-width) .dt-css-grid {\n  grid-row-gap: 30px;\n  grid-column-gap: 30px;\n  grid-template-columns: repeat(auto-fill,minmax(,1fr));\n}\n.blog-shortcode.blog-masonry-shortcode-id-4bb5200cd0d4f630e484ee803149e21e:not(.resize-by-browser-width) .dt-css-grid .double-width {\n  grid-column: span 2;\n}\n.cssgridlegacy.no-cssgrid .blog-shortcode.blog-masonry-shortcode-id-4bb5200cd0d4f630e484ee803149e21e:not(.resize-by-browser-width) .dt-css-grid,\n.no-cssgridlegacy.no-cssgrid .blog-shortcode.blog-masonry-shortcode-id-4bb5200cd0d4f630e484ee803149e21e:not(.resize-by-browser-width) .dt-css-grid {\n  display: flex;\n  flex-flow: row wrap;\n  margin: -15px;\n}\n.cssgridlegacy.no-cssgrid .blog-shortcode.blog-masonry-shortcode-id-4bb5200cd0d4f630e484ee803149e21e:not(.resize-by-browser-width) .dt-css-grid .wf-cell,\n.no-cssgridlegacy.no-cssgrid .blog-shortcode.blog-masonry-shortcode-id-4bb5200cd0d4f630e484ee803149e21e:not(.resize-by-browser-width) .dt-css-grid .wf-cell {\n  flex: 1 0 ;\n  max-width: 100%;\n  padding: 15px;\n  box-sizing: border-box;\n}\n.blog-shortcode.blog-masonry-shortcode-id-4bb5200cd0d4f630e484ee803149e21e.resize-by-browser-width .dt-css-grid {\n  grid-template-columns: repeat(4,1fr);\n  grid-template-rows: auto;\n  grid-column-gap: 30px;\n  grid-row-gap: 30px;\n}\n.blog-shortcode.blog-masonry-shortcode-id-4bb5200cd0d4f630e484ee803149e21e.resize-by-browser-width .dt-css-grid .double-width {\n  grid-column: span 2;\n}\n.cssgridlegacy.no-cssgrid .blog-shortcode.blog-masonry-shortcode-id-4bb5200cd0d4f630e484ee803149e21e.resize-by-browser-width .dt-css-grid {\n  margin: -15px;\n}\n.cssgridlegacy.no-cssgrid .blog-shortcode.blog-masonry-shortcode-id-4bb5200cd0d4f630e484ee803149e21e.resize-by-browser-width .dt-css-grid .wf-cell {\n  width: 25%;\n  padding: 15px;\n}\n.cssgridlegacy.no-cssgrid .blog-shortcode.blog-masonry-shortcode-id-4bb5200cd0d4f630e484ee803149e21e.resize-by-browser-width .dt-css-grid .wf-cell.double-width {\n  width: calc(25%) * 2;\n}\n.blog-shortcode.blog-masonry-shortcode-id-4bb5200cd0d4f630e484ee803149e21e.resize-by-browser-width:not(.centered-layout-list):not(.content-bg-on) .dt-css-grid {\n  grid-row-gap: 0px;\n}\n@media screen and (max-width: 1199px) {\n  .blog-shortcode.blog-masonry-shortcode-id-4bb5200cd0d4f630e484ee803149e21e.resize-by-browser-width .dt-css-grid {\n    grid-template-columns: repeat(3,1fr);\n  }\n  .cssgridlegacy.no-cssgrid .blog-shortcode.blog-masonry-shortcode-id-4bb5200cd0d4f630e484ee803149e21e.resize-by-browser-width .dt-css-grid .wf-cell,\n  .no-cssgridlegacy.no-cssgrid .blog-shortcode.blog-masonry-shortcode-id-4bb5200cd0d4f630e484ee803149e21e.resize-by-browser-width .dt-css-grid .wf-cell {\n    width: 33.333333333333%;\n  }\n  .cssgridlegacy.no-cssgrid .blog-shortcode.blog-masonry-shortcode-id-4bb5200cd0d4f630e484ee803149e21e.resize-by-browser-width .dt-css-grid .wf-cell.double-width,\n  .no-cssgridlegacy.no-cssgrid .blog-shortcode.blog-masonry-shortcode-id-4bb5200cd0d4f630e484ee803149e21e.resize-by-browser-width .dt-css-grid .wf-cell.double-width {\n    width: calc(33.333333333333%)*2;\n  }\n}\n@media screen and (max-width: 991px) {\n  .blog-shortcode.blog-masonry-shortcode-id-4bb5200cd0d4f630e484ee803149e21e.resize-by-browser-width .dt-css-grid {\n    grid-template-columns: repeat(2,1fr);\n  }\n  .cssgridlegacy.no-cssgrid .blog-shortcode.blog-masonry-shortcode-id-4bb5200cd0d4f630e484ee803149e21e.resize-by-browser-width .dt-css-grid .wf-cell,\n  .no-cssgridlegacy.no-cssgrid .blog-shortcode.blog-masonry-shortcode-id-4bb5200cd0d4f630e484ee803149e21e.resize-by-browser-width .dt-css-grid .wf-cell {\n    width: 50%;\n  }\n  .cssgridlegacy.no-cssgrid .blog-shortcode.blog-masonry-shortcode-id-4bb5200cd0d4f630e484ee803149e21e.resize-by-browser-width .dt-css-grid .wf-cell.double-width,\n  .no-cssgridlegacy.no-cssgrid .blog-shortcode.blog-masonry-shortcode-id-4bb5200cd0d4f630e484ee803149e21e.resize-by-browser-width .dt-css-grid .wf-cell.double-width {\n    width: calc(50%)*2;\n  }\n}\n@media screen and (max-width: 767px) {\n  .blog-shortcode.blog-masonry-shortcode-id-4bb5200cd0d4f630e484ee803149e21e.resize-by-browser-width .dt-css-grid {\n    grid-template-columns: repeat(1,1fr);\n  }\n  .blog-shortcode.blog-masonry-shortcode-id-4bb5200cd0d4f630e484ee803149e21e.resize-by-browser-width .dt-css-grid .double-width {\n    grid-column: span 1;\n  }\n  .cssgridlegacy.no-cssgrid .blog-shortcode.blog-masonry-shortcode-id-4bb5200cd0d4f630e484ee803149e21e.resize-by-browser-width .dt-css-grid .wf-cell,\n  .no-cssgridlegacy.no-cssgrid .blog-shortcode.blog-masonry-shortcode-id-4bb5200cd0d4f630e484ee803149e21e.resize-by-browser-width .dt-css-grid .wf-cell {\n    width: 100%;\n  }\n  .cssgridlegacy.no-cssgrid .blog-shortcode.blog-masonry-shortcode-id-4bb5200cd0d4f630e484ee803149e21e.resize-by-browser-width .dt-css-grid .wf-cell.double-width,\n  .no-cssgridlegacy.no-cssgrid .blog-shortcode.blog-masonry-shortcode-id-4bb5200cd0d4f630e484ee803149e21e.resize-by-browser-width .dt-css-grid .wf-cell.double-width {\n    width: calc(100%)*2;\n  }\n}\n<\/style><div class=\"blog-shortcode blog-masonry-shortcode-id-4bb5200cd0d4f630e484ee803149e21e mode-grid classic-layout-list content-bg-on jquery-filter scale-img dt-css-grid-wrap dt-icon-bg-off resize-by-browser-width loading-effect-none description-under-image \" data-padding=\"15px\" data-cur-page=\"1\" data-post-limit=\"-1\" data-pagination-mode=\"none\" data-desktop-columns-num=\"4\" data-v-tablet-columns-num=\"2\" data-h-tablet-columns-num=\"3\" data-phone-columns-num=\"1\" data-width=\"0px\" data-columns=\"0\"><div class=\"dt-css-grid\" ><div class=\"visible wf-cell\" data-post-id=\"6895\" data-date=\"2025-12-23T13:23:31-06:00\" data-name=\"Principales logros del a\u00f1o en el Centro de Cumplimiento de Condenas para Mujeres Fraijanes 1\"><article class=\"post project-odd visible post-6895 type-post status-publish format-standard has-post-thumbnail hentry category-noticias category-20\" data-name=\"Principales logros del a\u00f1o en el Centro de Cumplimiento de Condenas para Mujeres Fraijanes 1\" data-date=\"2025-12-23T13:23:31-06:00\">\n\n<div class=\"post-thumbnail-wrap\">\n\t<div class=\"post-thumbnail\">\n\t\t\n\t\t\n\t\t<a href=\"https:\/\/unmgp.gob.gt\/es\/2025\/12\/23\/actividades-navidenas-fortalecen-la-rehabilitacion-a-traves-del-arte-en-el-centro-de-cumplimiento-de-condenas-para-mujeres-fraijanes-1-2\/\" class=\"post-thumbnail-rollover layzr-bg layzr-bg\" ><img decoding=\"async\" class=\"iso-lazy-load preload-me iso-lazy-load aspect\" src=\"data:image\/svg+xml,%3Csvg%20xmlns%3D&#39;http%3A%2F%2Fwww.w3.org%2F2000%2Fsvg&#39;%20viewBox%3D&#39;0%200%20768%20512&#39;%2F%3E\" data-src=\"https:\/\/unmgp.gob.gt\/es\/wp-content\/uploads\/2025\/12\/graduandas-768x512.jpg\" data-srcset=\"https:\/\/unmgp.gob.gt\/es\/wp-content\/uploads\/2025\/12\/graduandas-768x512.jpg 768w, https:\/\/unmgp.gob.gt\/es\/wp-content\/uploads\/2025\/12\/graduandas-1152x768.jpg 1152w\" loading=\"eager\" style=\"--ratio: 768 \/ 512\" sizes=\"(max-width: 768px) 100vw, 768px\" alt=\"\" title=\"graduandas\" width=\"768\" height=\"512\"  \/><\/a>\t<\/div>\n<\/div>\n\n\n<div class=\"post-entry-content\">\n\n\t<h3 class=\"entry-title\">\n\t\t<a href=\"https:\/\/unmgp.gob.gt\/es\/2025\/12\/23\/actividades-navidenas-fortalecen-la-rehabilitacion-a-traves-del-arte-en-el-centro-de-cumplimiento-de-condenas-para-mujeres-fraijanes-1-2\/\" title=\"Principales logros del a\u00f1o en el Centro de Cumplimiento de Condenas para Mujeres Fraijanes 1\" rel=\"bookmark\">Principales logros del a\u00f1o en el Centro de Cumplimiento de Condenas para Mujeres Fraijanes 1<\/a>\n\t<\/h3>\n\n\t<div class=\"entry-meta\"><span class=\"category-link\"><a href=\"https:\/\/unmgp.gob.gt\/es\/category\/noticias\/\" >Noticias<\/a><\/span><a class=\"author vcard\" href=\"https:\/\/unmgp.gob.gt\/es\/author\/uadmin\/\" title=\"Ver todas las publicaciones de uadmin\" rel=\"author\">Por <span class=\"fn\">uadmin<\/span><\/a><a href=\"https:\/\/unmgp.gob.gt\/es\/2025\/12\/23\/\" title=\"1:23 pm\" class=\"data-link\" rel=\"bookmark\"><time class=\"entry-date updated\" datetime=\"2025-12-23T13:23:31-06:00\">diciembre 23, 2025<\/time><\/a><a href=\"https:\/\/unmgp.gob.gt\/es\/2025\/12\/23\/actividades-navidenas-fortalecen-la-rehabilitacion-a-traves-del-arte-en-el-centro-de-cumplimiento-de-condenas-para-mujeres-fraijanes-1-2\/#respond\" class=\"comment-link\" >Deja un comentario<\/a><\/div>\n\t<div class=\"entry-excerpt\"><p>Durante el a\u00f1o, el Centro de Cumplimiento de Condenas para Mujeres Fraijanes 1 consolid\u00f3 avances significativos en materia de rehabilitaci\u00f3n, fortaleciendo un modelo de gesti\u00f3n penitenciaria que prioriza la transformaci\u00f3n integral de las privadas de libertad y su reinserci\u00f3n positiva a la sociedad.<\/p>\n<\/div>\n\t\n<a href=\"https:\/\/unmgp.gob.gt\/es\/2025\/12\/23\/actividades-navidenas-fortalecen-la-rehabilitacion-a-traves-del-arte-en-el-centro-de-cumplimiento-de-condenas-para-mujeres-fraijanes-1-2\/\" class=\"post-details details-type-link\" aria-label=\"Read more about Principales logros del a\u00f1o en el Centro de Cumplimiento de Condenas para Mujeres Fraijanes 1\">Read more<i class=\"dt-icon-the7-arrow-03\" aria-hidden=\"true\"><\/i><\/a>\n\n<\/div><\/article><\/div><div class=\"visible wf-cell\" data-post-id=\"6885\" data-date=\"2025-12-18T11:08:48-06:00\" data-name=\"Actividades Navide\u00f1as fortalecen la rehabilitaci\u00f3n a trav\u00e9s del arte en el Centro de Cumplimiento de Condenas para Mujeres Fraijanes 1.\"><article class=\"post project-odd visible post-6885 type-post status-publish format-standard has-post-thumbnail hentry category-noticias category-20\" data-name=\"Actividades Navide\u00f1as fortalecen la rehabilitaci\u00f3n a trav\u00e9s del arte en el Centro de Cumplimiento de Condenas para Mujeres Fraijanes 1.\" data-date=\"2025-12-18T11:08:48-06:00\">\n\n<div class=\"post-thumbnail-wrap\">\n\t<div class=\"post-thumbnail\">\n\t\t\n\t\t\n\t\t<a href=\"https:\/\/unmgp.gob.gt\/es\/2025\/12\/18\/actividades-navidenas-fortalecen-la-rehabilitacion-a-traves-del-arte-en-el-centro-de-cumplimiento-de-condenas-para-mujeres-fraijanes-1\/\" class=\"post-thumbnail-rollover layzr-bg layzr-bg\" ><img decoding=\"async\" class=\"iso-lazy-load preload-me iso-lazy-load aspect\" src=\"data:image\/svg+xml,%3Csvg%20xmlns%3D&#39;http%3A%2F%2Fwww.w3.org%2F2000%2Fsvg&#39;%20viewBox%3D&#39;0%200%20768%20512&#39;%2F%3E\" data-src=\"https:\/\/unmgp.gob.gt\/es\/wp-content\/uploads\/2025\/12\/WhatsApp-Image-2025-12-18-at-10.54.00-AM-768x512.jpeg\" data-srcset=\"https:\/\/unmgp.gob.gt\/es\/wp-content\/uploads\/2025\/12\/WhatsApp-Image-2025-12-18-at-10.54.00-AM-768x512.jpeg 768w, https:\/\/unmgp.gob.gt\/es\/wp-content\/uploads\/2025\/12\/WhatsApp-Image-2025-12-18-at-10.54.00-AM-1152x768.jpeg 1152w\" loading=\"eager\" style=\"--ratio: 768 \/ 512\" sizes=\"(max-width: 768px) 100vw, 768px\" alt=\"\" title=\"WhatsApp Image 2025-12-18 at 10.54.00 AM\" width=\"768\" height=\"512\"  \/><\/a>\t<\/div>\n<\/div>\n\n\n<div class=\"post-entry-content\">\n\n\t<h3 class=\"entry-title\">\n\t\t<a href=\"https:\/\/unmgp.gob.gt\/es\/2025\/12\/18\/actividades-navidenas-fortalecen-la-rehabilitacion-a-traves-del-arte-en-el-centro-de-cumplimiento-de-condenas-para-mujeres-fraijanes-1\/\" title=\"Actividades Navide\u00f1as fortalecen la rehabilitaci\u00f3n a trav\u00e9s del arte en el Centro de Cumplimiento de Condenas para Mujeres Fraijanes 1.\" rel=\"bookmark\">Actividades Navide\u00f1as fortalecen la rehabilitaci\u00f3n a trav\u00e9s del arte en el Centro de Cumplimiento de Condenas para Mujeres Fraijanes 1.<\/a>\n\t<\/h3>\n\n\t<div class=\"entry-meta\"><span class=\"category-link\"><a href=\"https:\/\/unmgp.gob.gt\/es\/category\/noticias\/\" >Noticias<\/a><\/span><a class=\"author vcard\" href=\"https:\/\/unmgp.gob.gt\/es\/author\/uadmin\/\" title=\"Ver todas las publicaciones de uadmin\" rel=\"author\">Por <span class=\"fn\">uadmin<\/span><\/a><a href=\"https:\/\/unmgp.gob.gt\/es\/2025\/12\/18\/\" title=\"11:08 am\" class=\"data-link\" rel=\"bookmark\"><time class=\"entry-date updated\" datetime=\"2025-12-18T11:08:48-06:00\">diciembre 18, 2025<\/time><\/a><a href=\"https:\/\/unmgp.gob.gt\/es\/2025\/12\/18\/actividades-navidenas-fortalecen-la-rehabilitacion-a-traves-del-arte-en-el-centro-de-cumplimiento-de-condenas-para-mujeres-fraijanes-1\/#respond\" class=\"comment-link\" >Deja un comentario<\/a><\/div>\n\t<div class=\"entry-excerpt\"><p>En el marco de la temporada navide\u00f1a, el Centro de Cumplimiento de Condenas para Mujeres Fraijanes 1 llev\u00f3 a cabo diversas actividades culturales y art\u00edsticas como parte del proceso de rehabilitaci\u00f3n integral de las privadas de libertad.<\/p>\n<\/div>\n\t\n<a href=\"https:\/\/unmgp.gob.gt\/es\/2025\/12\/18\/actividades-navidenas-fortalecen-la-rehabilitacion-a-traves-del-arte-en-el-centro-de-cumplimiento-de-condenas-para-mujeres-fraijanes-1\/\" class=\"post-details details-type-link\" aria-label=\"Read more about Actividades Navide\u00f1as fortalecen la rehabilitaci\u00f3n a trav\u00e9s del arte en el Centro de Cumplimiento de Condenas para Mujeres Fraijanes 1.\">Read more<i class=\"dt-icon-the7-arrow-03\" aria-hidden=\"true\"><\/i><\/a>\n\n<\/div><\/article><\/div><div class=\"visible wf-cell\" data-post-id=\"6876\" data-date=\"2025-12-17T10:41:08-06:00\" data-name=\"Guatemala comparte avances del Nuevo Modelo de Gesti\u00f3n Penitenciaria en conferencia internacional sobre Derechos Humanos.\"><article class=\"post project-odd visible post-6876 type-post status-publish format-standard has-post-thumbnail hentry category-noticias category-20\" data-name=\"Guatemala comparte avances del Nuevo Modelo de Gesti\u00f3n Penitenciaria en conferencia internacional sobre Derechos Humanos.\" data-date=\"2025-12-17T10:41:08-06:00\">\n\n<div class=\"post-thumbnail-wrap\">\n\t<div class=\"post-thumbnail\">\n\t\t\n\t\t\n\t\t<a href=\"https:\/\/unmgp.gob.gt\/es\/2025\/12\/17\/guatemala-comparte-avances-del-nuevo-modelo-de-gestion-penitenciaria-en-conferencia-internacional-sobre-derechos-humanos\/\" class=\"post-thumbnail-rollover layzr-bg layzr-bg\" ><img decoding=\"async\" class=\"iso-lazy-load preload-me iso-lazy-load aspect\" src=\"data:image\/svg+xml,%3Csvg%20xmlns%3D&#39;http%3A%2F%2Fwww.w3.org%2F2000%2Fsvg&#39;%20viewBox%3D&#39;0%200%20768%20512&#39;%2F%3E\" data-src=\"https:\/\/unmgp.gob.gt\/es\/wp-content\/uploads\/2025\/12\/WhatsApp-Image-2025-12-17-at-10.33.18-AM-768x512.jpeg\" data-srcset=\"https:\/\/unmgp.gob.gt\/es\/wp-content\/uploads\/2025\/12\/WhatsApp-Image-2025-12-17-at-10.33.18-AM-768x512.jpeg 768w, https:\/\/unmgp.gob.gt\/es\/wp-content\/uploads\/2025\/12\/WhatsApp-Image-2025-12-17-at-10.33.18-AM-1152x768.jpeg 1152w\" loading=\"eager\" style=\"--ratio: 768 \/ 512\" sizes=\"(max-width: 768px) 100vw, 768px\" alt=\"\" title=\"WhatsApp Image 2025-12-17 at 10.33.18 AM\" width=\"768\" height=\"512\"  \/><\/a>\t<\/div>\n<\/div>\n\n\n<div class=\"post-entry-content\">\n\n\t<h3 class=\"entry-title\">\n\t\t<a href=\"https:\/\/unmgp.gob.gt\/es\/2025\/12\/17\/guatemala-comparte-avances-del-nuevo-modelo-de-gestion-penitenciaria-en-conferencia-internacional-sobre-derechos-humanos\/\" title=\"Guatemala comparte avances del Nuevo Modelo de Gesti\u00f3n Penitenciaria en conferencia internacional sobre Derechos Humanos.\" rel=\"bookmark\">Guatemala comparte avances del Nuevo Modelo de Gesti\u00f3n Penitenciaria en conferencia internacional sobre Derechos Humanos.<\/a>\n\t<\/h3>\n\n\t<div class=\"entry-meta\"><span class=\"category-link\"><a href=\"https:\/\/unmgp.gob.gt\/es\/category\/noticias\/\" >Noticias<\/a><\/span><a class=\"author vcard\" href=\"https:\/\/unmgp.gob.gt\/es\/author\/uadmin\/\" title=\"Ver todas las publicaciones de uadmin\" rel=\"author\">Por <span class=\"fn\">uadmin<\/span><\/a><a href=\"https:\/\/unmgp.gob.gt\/es\/2025\/12\/17\/\" title=\"10:41 am\" class=\"data-link\" rel=\"bookmark\"><time class=\"entry-date updated\" datetime=\"2025-12-17T10:41:08-06:00\">diciembre 17, 2025<\/time><\/a><a href=\"https:\/\/unmgp.gob.gt\/es\/2025\/12\/17\/guatemala-comparte-avances-del-nuevo-modelo-de-gestion-penitenciaria-en-conferencia-internacional-sobre-derechos-humanos\/#respond\" class=\"comment-link\" >Deja un comentario<\/a><\/div>\n\t<div class=\"entry-excerpt\"><p>La ONAPREP, en conjunto con la Escuela de Derecho de UNAPEC y el apoyo de instituciones acad\u00e9micas nacionales e internacionales, celebr\u00f3 la Conferencia Internacional \u201cDerechos Humanos y Sistema Penitenciario: Retos Globales y Buenas Pr\u00e1cticas Comparadas\u201d, un espacio destinado al intercambio de modelos penitenciarios innovadores y estrategias de reinserci\u00f3n social.<\/p>\n<\/div>\n\t\n<a href=\"https:\/\/unmgp.gob.gt\/es\/2025\/12\/17\/guatemala-comparte-avances-del-nuevo-modelo-de-gestion-penitenciaria-en-conferencia-internacional-sobre-derechos-humanos\/\" class=\"post-details details-type-link\" aria-label=\"Read more about Guatemala comparte avances del Nuevo Modelo de Gesti\u00f3n Penitenciaria en conferencia internacional sobre Derechos Humanos.\">Read more<i class=\"dt-icon-the7-arrow-03\" aria-hidden=\"true\"><\/i><\/a>\n\n<\/div><\/article><\/div><div class=\"visible wf-cell\" data-post-id=\"6851\" data-date=\"2025-12-08T16:05:33-06:00\" data-name=\"Unidad del Nuevo Modelo de Gesti\u00f3n Penitenciaria realiza charla de fortalecimiento emocional, resiliencia y prevenci\u00f3n de la violencia para su personal.\"><article class=\"post project-odd visible post-6851 type-post status-publish format-standard has-post-thumbnail hentry category-noticias category-20\" data-name=\"Unidad del Nuevo Modelo de Gesti\u00f3n Penitenciaria realiza charla de fortalecimiento emocional, resiliencia y prevenci\u00f3n de la violencia para su personal.\" data-date=\"2025-12-08T16:05:33-06:00\">\n\n<div class=\"post-thumbnail-wrap\">\n\t<div class=\"post-thumbnail\">\n\t\t\n\t\t\n\t\t<a href=\"https:\/\/unmgp.gob.gt\/es\/2025\/12\/08\/unidad-del-nuevo-modelo-de-gestion-penitenciaria-realiza-charla-de-fortalecimiento-emocional-resiliencia-y-prevencion-de-la-violencia-para-su-personal\/\" class=\"post-thumbnail-rollover layzr-bg layzr-bg\" ><img decoding=\"async\" class=\"iso-lazy-load preload-me iso-lazy-load aspect\" src=\"data:image\/svg+xml,%3Csvg%20xmlns%3D&#39;http%3A%2F%2Fwww.w3.org%2F2000%2Fsvg&#39;%20viewBox%3D&#39;0%200%20768%20512&#39;%2F%3E\" data-src=\"https:\/\/unmgp.gob.gt\/es\/wp-content\/uploads\/2025\/12\/MAN08280-scaled-768x512.jpg\" data-srcset=\"https:\/\/unmgp.gob.gt\/es\/wp-content\/uploads\/2025\/12\/MAN08280-scaled-768x512.jpg 768w, https:\/\/unmgp.gob.gt\/es\/wp-content\/uploads\/2025\/12\/MAN08280-scaled-1152x768.jpg 1152w\" loading=\"eager\" style=\"--ratio: 768 \/ 512\" sizes=\"(max-width: 768px) 100vw, 768px\" alt=\"\" title=\"MAN08280\" width=\"768\" height=\"512\"  \/><\/a>\t<\/div>\n<\/div>\n\n\n<div class=\"post-entry-content\">\n\n\t<h3 class=\"entry-title\">\n\t\t<a href=\"https:\/\/unmgp.gob.gt\/es\/2025\/12\/08\/unidad-del-nuevo-modelo-de-gestion-penitenciaria-realiza-charla-de-fortalecimiento-emocional-resiliencia-y-prevencion-de-la-violencia-para-su-personal\/\" title=\"Unidad del Nuevo Modelo de Gesti\u00f3n Penitenciaria realiza charla de fortalecimiento emocional, resiliencia y prevenci\u00f3n de la violencia para su personal.\" rel=\"bookmark\">Unidad del Nuevo Modelo de Gesti\u00f3n Penitenciaria realiza charla de fortalecimiento emocional, resiliencia y prevenci\u00f3n de la violencia para su personal.<\/a>\n\t<\/h3>\n\n\t<div class=\"entry-meta\"><span class=\"category-link\"><a href=\"https:\/\/unmgp.gob.gt\/es\/category\/noticias\/\" >Noticias<\/a><\/span><a class=\"author vcard\" href=\"https:\/\/unmgp.gob.gt\/es\/author\/uadmin\/\" title=\"Ver todas las publicaciones de uadmin\" rel=\"author\">Por <span class=\"fn\">uadmin<\/span><\/a><a href=\"https:\/\/unmgp.gob.gt\/es\/2025\/12\/08\/\" title=\"4:05 pm\" class=\"data-link\" rel=\"bookmark\"><time class=\"entry-date updated\" datetime=\"2025-12-08T16:05:33-06:00\">diciembre 8, 2025<\/time><\/a><a href=\"https:\/\/unmgp.gob.gt\/es\/2025\/12\/08\/unidad-del-nuevo-modelo-de-gestion-penitenciaria-realiza-charla-de-fortalecimiento-emocional-resiliencia-y-prevencion-de-la-violencia-para-su-personal\/#respond\" class=\"comment-link\" >Deja un comentario<\/a><\/div>\n\t<div class=\"entry-excerpt\"><p>Como parte del compromiso de promover entornos laborales m\u00e1s seguros, humanos y orientados al bienestar, la Unidad del Nuevo Modelo de Gesti\u00f3n Penitenciaria desarroll\u00f3 una jornada de fortalecimiento emocional, resiliencia y prevenci\u00f3n de la violencia, dirigida a todas las mujeres que integran el equipo administrativo y multidisciplinario de la Unidad y del Centro de Cumplimiento de Condena para Mujeres Fraijanes 1.<\/p>\n<\/div>\n\t\n<a href=\"https:\/\/unmgp.gob.gt\/es\/2025\/12\/08\/unidad-del-nuevo-modelo-de-gestion-penitenciaria-realiza-charla-de-fortalecimiento-emocional-resiliencia-y-prevencion-de-la-violencia-para-su-personal\/\" class=\"post-details details-type-link\" aria-label=\"Read more about Unidad del Nuevo Modelo de Gesti\u00f3n Penitenciaria realiza charla de fortalecimiento emocional, resiliencia y prevenci\u00f3n de la violencia para su personal.\">Read more<i class=\"dt-icon-the7-arrow-03\" aria-hidden=\"true\"><\/i><\/a>\n\n<\/div><\/article><\/div><div class=\"visible wf-cell\" data-post-id=\"6823\" data-date=\"2025-10-27T15:31:07-06:00\" data-name=\"Disciplina, Control y Reinserci\u00f3n: El Modelo Penitenciario que Transforma Vidas.\"><article class=\"post project-odd visible post-6823 type-post status-publish format-standard has-post-thumbnail hentry category-noticias category-20\" data-name=\"Disciplina, Control y Reinserci\u00f3n: El Modelo Penitenciario que Transforma Vidas.\" data-date=\"2025-10-27T15:31:07-06:00\">\n\n<div class=\"post-thumbnail-wrap\">\n\t<div class=\"post-thumbnail\">\n\t\t\n\t\t\n\t\t<a href=\"https:\/\/unmgp.gob.gt\/es\/2025\/10\/27\/disciplina-control-y-reinsercion-el-modelo-penitenciario-que-transforma-vidasel-nuevo-modelo-de-gestion-penitenciaria-de-guatemala-presente-en-la-v-reunion-de-autoridades-penitenciarias-y-carcelaria\/\" class=\"post-thumbnail-rollover layzr-bg layzr-bg\" ><img decoding=\"async\" class=\"iso-lazy-load preload-me iso-lazy-load aspect\" src=\"data:image\/svg+xml,%3Csvg%20xmlns%3D&#39;http%3A%2F%2Fwww.w3.org%2F2000%2Fsvg&#39;%20viewBox%3D&#39;0%200%20768%20512&#39;%2F%3E\" data-src=\"https:\/\/unmgp.gob.gt\/es\/wp-content\/uploads\/2025\/10\/disciplina2-768x512.png\" data-srcset=\"https:\/\/unmgp.gob.gt\/es\/wp-content\/uploads\/2025\/10\/disciplina2-768x512.png 768w, https:\/\/unmgp.gob.gt\/es\/wp-content\/uploads\/2025\/10\/disciplina2-1152x768.png 1152w\" loading=\"eager\" style=\"--ratio: 768 \/ 512\" sizes=\"(max-width: 768px) 100vw, 768px\" alt=\"\" title=\"disciplina2\" width=\"768\" height=\"512\"  \/><\/a>\t<\/div>\n<\/div>\n\n\n<div class=\"post-entry-content\">\n\n\t<h3 class=\"entry-title\">\n\t\t<a href=\"https:\/\/unmgp.gob.gt\/es\/2025\/10\/27\/disciplina-control-y-reinsercion-el-modelo-penitenciario-que-transforma-vidasel-nuevo-modelo-de-gestion-penitenciaria-de-guatemala-presente-en-la-v-reunion-de-autoridades-penitenciarias-y-carcelaria\/\" title=\"Disciplina, Control y Reinserci\u00f3n: El Modelo Penitenciario que Transforma Vidas.\" rel=\"bookmark\">Disciplina, Control y Reinserci\u00f3n: El Modelo Penitenciario que Transforma Vidas.<\/a>\n\t<\/h3>\n\n\t<div class=\"entry-meta\"><span class=\"category-link\"><a href=\"https:\/\/unmgp.gob.gt\/es\/category\/noticias\/\" >Noticias<\/a><\/span><a class=\"author vcard\" href=\"https:\/\/unmgp.gob.gt\/es\/author\/uadmin\/\" title=\"Ver todas las publicaciones de uadmin\" rel=\"author\">Por <span class=\"fn\">uadmin<\/span><\/a><a href=\"https:\/\/unmgp.gob.gt\/es\/2025\/10\/27\/\" title=\"3:31 pm\" class=\"data-link\" rel=\"bookmark\"><time class=\"entry-date updated\" datetime=\"2025-10-27T15:31:07-06:00\">octubre 27, 2025<\/time><\/a><a href=\"https:\/\/unmgp.gob.gt\/es\/2025\/10\/27\/disciplina-control-y-reinsercion-el-modelo-penitenciario-que-transforma-vidasel-nuevo-modelo-de-gestion-penitenciaria-de-guatemala-presente-en-la-v-reunion-de-autoridades-penitenciarias-y-carcelaria\/#respond\" class=\"comment-link\" >Deja un comentario<\/a><\/div>\n\t<div class=\"entry-excerpt\"><p>El Centro de Cumplimiento de Condenas para Mujeres Fraijanes 1, administrado bajo el Nuevo Modelo de Gesti\u00f3n Penitenciaria, se ha consolidado como un ejemplo de disciplina, control y modernizaci\u00f3n dentro del sistema penitenciario nacional. Desde su implementaci\u00f3n en 2017, este modelo ha demostrado que la disciplina el trabajo y la formaci\u00f3n son los pilares esenciales para lograr verdaderos procesos de reinserci\u00f3n social.<\/p>\n<\/div>\n\t\n<a href=\"https:\/\/unmgp.gob.gt\/es\/2025\/10\/27\/disciplina-control-y-reinsercion-el-modelo-penitenciario-que-transforma-vidasel-nuevo-modelo-de-gestion-penitenciaria-de-guatemala-presente-en-la-v-reunion-de-autoridades-penitenciarias-y-carcelaria\/\" class=\"post-details details-type-link\" aria-label=\"Read more about Disciplina, Control y Reinserci\u00f3n: El Modelo Penitenciario que Transforma Vidas.\">Read more<i class=\"dt-icon-the7-arrow-03\" aria-hidden=\"true\"><\/i><\/a>\n\n<\/div><\/article><\/div><div class=\"visible wf-cell\" data-post-id=\"6814\" data-date=\"2025-10-22T08:32:26-06:00\" data-name=\"El Nuevo Modelo de Gesti\u00f3n Penitenciaria de Guatemala presente en la V Reuni\u00f3n de Autoridades Penitenciarias y Carcelarias de las Am\u00e9ricas.\"><article class=\"post project-odd visible post-6814 type-post status-publish format-standard has-post-thumbnail hentry category-noticias category-20\" data-name=\"El Nuevo Modelo de Gesti\u00f3n Penitenciaria de Guatemala presente en la V Reuni\u00f3n de Autoridades Penitenciarias y Carcelarias de las Am\u00e9ricas.\" data-date=\"2025-10-22T08:32:26-06:00\">\n\n<div class=\"post-thumbnail-wrap\">\n\t<div class=\"post-thumbnail\">\n\t\t\n\t\t\n\t\t<a href=\"https:\/\/unmgp.gob.gt\/es\/2025\/10\/22\/el-nuevo-modelo-de-gestion-penitenciaria-de-guatemala-presente-en-la-v-reunion-de-autoridades-penitenciarias-y-carcelarias-de-las-americas\/\" class=\"post-thumbnail-rollover layzr-bg layzr-bg\" ><img decoding=\"async\" class=\"iso-lazy-load preload-me iso-lazy-load aspect\" src=\"data:image\/svg+xml,%3Csvg%20xmlns%3D&#39;http%3A%2F%2Fwww.w3.org%2F2000%2Fsvg&#39;%20viewBox%3D&#39;0%200%20768%20512&#39;%2F%3E\" data-src=\"https:\/\/unmgp.gob.gt\/es\/wp-content\/uploads\/2025\/10\/reunion1-768x512.jpeg\" data-srcset=\"https:\/\/unmgp.gob.gt\/es\/wp-content\/uploads\/2025\/10\/reunion1-768x512.jpeg 768w, https:\/\/unmgp.gob.gt\/es\/wp-content\/uploads\/2025\/10\/reunion1-1152x768.jpeg 1152w\" loading=\"eager\" style=\"--ratio: 768 \/ 512\" sizes=\"(max-width: 768px) 100vw, 768px\" alt=\"\" title=\"reunion1\" width=\"768\" height=\"512\"  \/><\/a>\t<\/div>\n<\/div>\n\n\n<div class=\"post-entry-content\">\n\n\t<h3 class=\"entry-title\">\n\t\t<a href=\"https:\/\/unmgp.gob.gt\/es\/2025\/10\/22\/el-nuevo-modelo-de-gestion-penitenciaria-de-guatemala-presente-en-la-v-reunion-de-autoridades-penitenciarias-y-carcelarias-de-las-americas\/\" title=\"El Nuevo Modelo de Gesti\u00f3n Penitenciaria de Guatemala presente en la V Reuni\u00f3n de Autoridades Penitenciarias y Carcelarias de las Am\u00e9ricas.\" rel=\"bookmark\">El Nuevo Modelo de Gesti\u00f3n Penitenciaria de Guatemala presente en la V Reuni\u00f3n de Autoridades Penitenciarias y Carcelarias de las Am\u00e9ricas.<\/a>\n\t<\/h3>\n\n\t<div class=\"entry-meta\"><span class=\"category-link\"><a href=\"https:\/\/unmgp.gob.gt\/es\/category\/noticias\/\" >Noticias<\/a><\/span><a class=\"author vcard\" href=\"https:\/\/unmgp.gob.gt\/es\/author\/uadmin\/\" title=\"Ver todas las publicaciones de uadmin\" rel=\"author\">Por <span class=\"fn\">uadmin<\/span><\/a><a href=\"https:\/\/unmgp.gob.gt\/es\/2025\/10\/22\/\" title=\"8:32 am\" class=\"data-link\" rel=\"bookmark\"><time class=\"entry-date updated\" datetime=\"2025-10-22T08:32:26-06:00\">octubre 22, 2025<\/time><\/a><a href=\"https:\/\/unmgp.gob.gt\/es\/2025\/10\/22\/el-nuevo-modelo-de-gestion-penitenciaria-de-guatemala-presente-en-la-v-reunion-de-autoridades-penitenciarias-y-carcelarias-de-las-americas\/#respond\" class=\"comment-link\" >Deja un comentario<\/a><\/div>\n\t<div class=\"entry-excerpt\"><p>El Nuevo Modelo de Gesti\u00f3n Penitenciaria contin\u00faa consolid\u00e1ndose como un referente regional en materia de transformaci\u00f3n y reinserci\u00f3n social. En el marco de la V Reuni\u00f3n de Autoridades Penitenciarias y Carcelarias de las Am\u00e9ricas, el Dr. Juan Carlos Corzo, Director Ejecutivo del Nuevo Modelo, present\u00f3 la experiencia guatemalteca ante representantes de distintos pa\u00edses del continente.<\/p>\n<\/div>\n\t\n<a href=\"https:\/\/unmgp.gob.gt\/es\/2025\/10\/22\/el-nuevo-modelo-de-gestion-penitenciaria-de-guatemala-presente-en-la-v-reunion-de-autoridades-penitenciarias-y-carcelarias-de-las-americas\/\" class=\"post-details details-type-link\" aria-label=\"Read more about El Nuevo Modelo de Gesti\u00f3n Penitenciaria de Guatemala presente en la V Reuni\u00f3n de Autoridades Penitenciarias y Carcelarias de las Am\u00e9ricas.\">Read more<i class=\"dt-icon-the7-arrow-03\" aria-hidden=\"true\"><\/i><\/a>\n\n<\/div><\/article><\/div><div class=\"visible wf-cell\" data-post-id=\"6806\" data-date=\"2025-10-13T09:51:56-06:00\" data-name=\"Rep\u00fablica Dominicana lidera la Declaraci\u00f3n Iberoamericana sobre Salud Mental en el Sistema Penitenciario.\"><article class=\"post project-odd visible post-6806 type-post status-publish format-standard has-post-thumbnail hentry category-noticias category-20\" data-name=\"Rep\u00fablica Dominicana lidera la Declaraci\u00f3n Iberoamericana sobre Salud Mental en el Sistema Penitenciario.\" data-date=\"2025-10-13T09:51:56-06:00\">\n\n<div class=\"post-thumbnail-wrap\">\n\t<div class=\"post-thumbnail\">\n\t\t\n\t\t\n\t\t<a href=\"https:\/\/unmgp.gob.gt\/es\/2025\/10\/13\/republica-dominicana-lidera-la-declaracion-iberoamericana-sobre-salud-mental-en-el-sistema-penitenciario\/\" class=\"post-thumbnail-rollover layzr-bg layzr-bg\" ><img decoding=\"async\" class=\"iso-lazy-load preload-me iso-lazy-load aspect\" src=\"data:image\/svg+xml,%3Csvg%20xmlns%3D&#39;http%3A%2F%2Fwww.w3.org%2F2000%2Fsvg&#39;%20viewBox%3D&#39;0%200%20768%20512&#39;%2F%3E\" data-src=\"https:\/\/unmgp.gob.gt\/es\/wp-content\/uploads\/2025\/10\/Congreso-2-1-768x512.jpg\" data-srcset=\"https:\/\/unmgp.gob.gt\/es\/wp-content\/uploads\/2025\/10\/Congreso-2-1-768x512.jpg 768w, https:\/\/unmgp.gob.gt\/es\/wp-content\/uploads\/2025\/10\/Congreso-2-1-1152x768.jpg 1152w\" loading=\"eager\" style=\"--ratio: 768 \/ 512\" sizes=\"(max-width: 768px) 100vw, 768px\" alt=\"\" title=\"Congreso 2\" width=\"768\" height=\"512\"  \/><\/a>\t<\/div>\n<\/div>\n\n\n<div class=\"post-entry-content\">\n\n\t<h3 class=\"entry-title\">\n\t\t<a href=\"https:\/\/unmgp.gob.gt\/es\/2025\/10\/13\/republica-dominicana-lidera-la-declaracion-iberoamericana-sobre-salud-mental-en-el-sistema-penitenciario\/\" title=\"Rep\u00fablica Dominicana lidera la Declaraci\u00f3n Iberoamericana sobre Salud Mental en el Sistema Penitenciario.\" rel=\"bookmark\">Rep\u00fablica Dominicana lidera la Declaraci\u00f3n Iberoamericana sobre Salud Mental en el Sistema Penitenciario.<\/a>\n\t<\/h3>\n\n\t<div class=\"entry-meta\"><span class=\"category-link\"><a href=\"https:\/\/unmgp.gob.gt\/es\/category\/noticias\/\" >Noticias<\/a><\/span><a class=\"author vcard\" href=\"https:\/\/unmgp.gob.gt\/es\/author\/uadmin\/\" title=\"Ver todas las publicaciones de uadmin\" rel=\"author\">Por <span class=\"fn\">uadmin<\/span><\/a><a href=\"https:\/\/unmgp.gob.gt\/es\/2025\/10\/13\/\" title=\"9:51 am\" class=\"data-link\" rel=\"bookmark\"><time class=\"entry-date updated\" datetime=\"2025-10-13T09:51:56-06:00\">octubre 13, 2025<\/time><\/a><a href=\"https:\/\/unmgp.gob.gt\/es\/2025\/10\/13\/republica-dominicana-lidera-la-declaracion-iberoamericana-sobre-salud-mental-en-el-sistema-penitenciario\/#respond\" class=\"comment-link\" >Deja un comentario<\/a><\/div>\n\t<div class=\"entry-excerpt\"><p>En conmemoraci\u00f3n del D\u00eda Mundial de la Salud Mental, la Rep\u00fablica Dominicana fue sede del d\u00e9cimo Foro Internacional de Expertos Penitenciarios, un encuentro de alto nivel que culmin\u00f3 con la presentaci\u00f3n de la primera Declaraci\u00f3n Iberoamericana sobre Salud Mental en Centros de Detenci\u00f3n, documento que orienta acciones y compromisos para fortalecer la atenci\u00f3n integral en salud mental de las personas privadas de libertad.<\/p>\n<\/div>\n\t\n<a href=\"https:\/\/unmgp.gob.gt\/es\/2025\/10\/13\/republica-dominicana-lidera-la-declaracion-iberoamericana-sobre-salud-mental-en-el-sistema-penitenciario\/\" class=\"post-details details-type-link\" aria-label=\"Read more about Rep\u00fablica Dominicana lidera la Declaraci\u00f3n Iberoamericana sobre Salud Mental en el Sistema Penitenciario.\">Read more<i class=\"dt-icon-the7-arrow-03\" aria-hidden=\"true\"><\/i><\/a>\n\n<\/div><\/article><\/div><div class=\"visible wf-cell\" data-post-id=\"6797\" data-date=\"2025-10-09T08:19:57-06:00\" data-name=\"Bazar de la Prevenci\u00f3n: una vitrina para la reinserci\u00f3n y el talento transformador.\"><article class=\"post project-odd visible post-6797 type-post status-publish format-standard has-post-thumbnail hentry category-noticias category-20\" data-name=\"Bazar de la Prevenci\u00f3n: una vitrina para la reinserci\u00f3n y el talento transformador.\" data-date=\"2025-10-09T08:19:57-06:00\">\n\n<div class=\"post-thumbnail-wrap\">\n\t<div class=\"post-thumbnail\">\n\t\t\n\t\t\n\t\t<a href=\"https:\/\/unmgp.gob.gt\/es\/2025\/10\/09\/bazar-de-la-prevencion-una-vitrina-para-la-reinsercion-y-el-talento-transformador\/\" class=\"post-thumbnail-rollover layzr-bg layzr-bg\" ><img decoding=\"async\" class=\"iso-lazy-load preload-me iso-lazy-load aspect\" src=\"data:image\/svg+xml,%3Csvg%20xmlns%3D&#39;http%3A%2F%2Fwww.w3.org%2F2000%2Fsvg&#39;%20viewBox%3D&#39;0%200%20768%20512&#39;%2F%3E\" data-src=\"https:\/\/unmgp.gob.gt\/es\/wp-content\/uploads\/2025\/10\/bazar1-scaled-768x512.jpg\" data-srcset=\"https:\/\/unmgp.gob.gt\/es\/wp-content\/uploads\/2025\/10\/bazar1-scaled-768x512.jpg 768w, https:\/\/unmgp.gob.gt\/es\/wp-content\/uploads\/2025\/10\/bazar1-scaled-1152x768.jpg 1152w\" loading=\"eager\" style=\"--ratio: 768 \/ 512\" sizes=\"(max-width: 768px) 100vw, 768px\" alt=\"\" title=\"bazar1\" width=\"768\" height=\"512\"  \/><\/a>\t<\/div>\n<\/div>\n\n\n<div class=\"post-entry-content\">\n\n\t<h3 class=\"entry-title\">\n\t\t<a href=\"https:\/\/unmgp.gob.gt\/es\/2025\/10\/09\/bazar-de-la-prevencion-una-vitrina-para-la-reinsercion-y-el-talento-transformador\/\" title=\"Bazar de la Prevenci\u00f3n: una vitrina para la reinserci\u00f3n y el talento transformador.\" rel=\"bookmark\">Bazar de la Prevenci\u00f3n: una vitrina para la reinserci\u00f3n y el talento transformador.<\/a>\n\t<\/h3>\n\n\t<div class=\"entry-meta\"><span class=\"category-link\"><a href=\"https:\/\/unmgp.gob.gt\/es\/category\/noticias\/\" >Noticias<\/a><\/span><a class=\"author vcard\" href=\"https:\/\/unmgp.gob.gt\/es\/author\/uadmin\/\" title=\"Ver todas las publicaciones de uadmin\" rel=\"author\">Por <span class=\"fn\">uadmin<\/span><\/a><a href=\"https:\/\/unmgp.gob.gt\/es\/2025\/10\/09\/\" title=\"8:19 am\" class=\"data-link\" rel=\"bookmark\"><time class=\"entry-date updated\" datetime=\"2025-10-09T08:19:57-06:00\">octubre 9, 2025<\/time><\/a><a href=\"https:\/\/unmgp.gob.gt\/es\/2025\/10\/09\/bazar-de-la-prevencion-una-vitrina-para-la-reinsercion-y-el-talento-transformador\/#respond\" class=\"comment-link\" >Deja un comentario<\/a><\/div>\n\t<div class=\"entry-excerpt\"><p>La Unidad del Nuevo Modelo de Gesti\u00f3n Penitenciaria, en coordinaci\u00f3n con la Unidad para la Prevenci\u00f3n Comunitaria de la Violencia (UPCV), participar\u00e1 en el Bazar de la Prevenci\u00f3n, que se realizar\u00e1 el viernes 10 de octubre a partir de las 10:00 a.m., en la V\u00eda 4 1-61, zona 4 de la ciudad de Guatemala, frente a la sede de la UPCV<\/p>\n<\/div>\n\t\n<a href=\"https:\/\/unmgp.gob.gt\/es\/2025\/10\/09\/bazar-de-la-prevencion-una-vitrina-para-la-reinsercion-y-el-talento-transformador\/\" class=\"post-details details-type-link\" aria-label=\"Read more about Bazar de la Prevenci\u00f3n: una vitrina para la reinserci\u00f3n y el talento transformador.\">Read more<i class=\"dt-icon-the7-arrow-03\" aria-hidden=\"true\"><\/i><\/a>\n\n<\/div><\/article><\/div><div class=\"visible wf-cell\" data-post-id=\"6788\" data-date=\"2025-09-24T12:36:29-06:00\" data-name=\"Expo Venta Anual de Productos Elaborados por Personas Privadas de Libertad 2025.\"><article class=\"post project-odd visible post-6788 type-post status-publish format-standard has-post-thumbnail hentry category-noticias category-20\" data-name=\"Expo Venta Anual de Productos Elaborados por Personas Privadas de Libertad 2025.\" data-date=\"2025-09-24T12:36:29-06:00\">\n\n<div class=\"post-thumbnail-wrap\">\n\t<div class=\"post-thumbnail\">\n\t\t\n\t\t\n\t\t<a href=\"https:\/\/unmgp.gob.gt\/es\/2025\/09\/24\/expo-venta-anual-de-productos-elaborados-por-personas-privadas-de-libertad-2025\/\" class=\"post-thumbnail-rollover layzr-bg layzr-bg\" ><img decoding=\"async\" class=\"iso-lazy-load preload-me iso-lazy-load aspect\" src=\"data:image\/svg+xml,%3Csvg%20xmlns%3D&#39;http%3A%2F%2Fwww.w3.org%2F2000%2Fsvg&#39;%20viewBox%3D&#39;0%200%20768%20512&#39;%2F%3E\" data-src=\"https:\/\/unmgp.gob.gt\/es\/wp-content\/uploads\/2025\/09\/Inicio-768x512.jpeg\" data-srcset=\"https:\/\/unmgp.gob.gt\/es\/wp-content\/uploads\/2025\/09\/Inicio-768x512.jpeg 768w, https:\/\/unmgp.gob.gt\/es\/wp-content\/uploads\/2025\/09\/Inicio-1152x768.jpeg 1152w\" loading=\"eager\" style=\"--ratio: 768 \/ 512\" sizes=\"(max-width: 768px) 100vw, 768px\" alt=\"\" title=\"Inicio\" width=\"768\" height=\"512\"  \/><\/a>\t<\/div>\n<\/div>\n\n\n<div class=\"post-entry-content\">\n\n\t<h3 class=\"entry-title\">\n\t\t<a href=\"https:\/\/unmgp.gob.gt\/es\/2025\/09\/24\/expo-venta-anual-de-productos-elaborados-por-personas-privadas-de-libertad-2025\/\" title=\"Expo Venta Anual de Productos Elaborados por Personas Privadas de Libertad 2025.\" rel=\"bookmark\">Expo Venta Anual de Productos Elaborados por Personas Privadas de Libertad 2025.<\/a>\n\t<\/h3>\n\n\t<div class=\"entry-meta\"><span class=\"category-link\"><a href=\"https:\/\/unmgp.gob.gt\/es\/category\/noticias\/\" >Noticias<\/a><\/span><a class=\"author vcard\" href=\"https:\/\/unmgp.gob.gt\/es\/author\/uadmin\/\" title=\"Ver todas las publicaciones de uadmin\" rel=\"author\">Por <span class=\"fn\">uadmin<\/span><\/a><a href=\"https:\/\/unmgp.gob.gt\/es\/2025\/09\/24\/\" title=\"12:36 pm\" class=\"data-link\" rel=\"bookmark\"><time class=\"entry-date updated\" datetime=\"2025-09-24T12:36:29-06:00\">septiembre 24, 2025<\/time><\/a><a href=\"https:\/\/unmgp.gob.gt\/es\/2025\/09\/24\/expo-venta-anual-de-productos-elaborados-por-personas-privadas-de-libertad-2025\/#respond\" class=\"comment-link\" >Deja un comentario<\/a><\/div>\n\t<div class=\"entry-excerpt\"><p>La Procuradur\u00eda de los Derechos Humanos, a trav\u00e9s de la Defensor\u00eda del Debido Proceso de las Personas Privadas de Libertad, realizar\u00e1 nuevamente la Expo Venta Anual de Productos Elaborados por Personas Privadas de Libertad, con el esp\u00edritu de la rehabilitaci\u00f3n.<\/p>\n<\/div>\n\t\n<a href=\"https:\/\/unmgp.gob.gt\/es\/2025\/09\/24\/expo-venta-anual-de-productos-elaborados-por-personas-privadas-de-libertad-2025\/\" class=\"post-details details-type-link\" aria-label=\"Read more about Expo Venta Anual de Productos Elaborados por Personas Privadas de Libertad 2025.\">Read more<i class=\"dt-icon-the7-arrow-03\" aria-hidden=\"true\"><\/i><\/a>\n\n<\/div><\/article><\/div><div class=\"visible wf-cell\" data-post-id=\"6729\" data-date=\"2025-09-08T15:59:37-06:00\" data-name=\"El Nuevo Modelo de Gesti\u00f3n Penitenciaria presente en el Bazar de la Prevenci\u00f3n.\"><article class=\"post project-odd visible post-6729 type-post status-publish format-standard has-post-thumbnail hentry category-noticias category-20\" data-name=\"El Nuevo Modelo de Gesti\u00f3n Penitenciaria presente en el Bazar de la Prevenci\u00f3n.\" data-date=\"2025-09-08T15:59:37-06:00\">\n\n<div class=\"post-thumbnail-wrap\">\n\t<div class=\"post-thumbnail\">\n\t\t\n\t\t\n\t\t<a href=\"https:\/\/unmgp.gob.gt\/es\/2025\/09\/08\/el-nuevo-modelo-de-gestion-penitenciaria-presente-en-el-bazar-de-la-prevencion\/\" class=\"post-thumbnail-rollover layzr-bg layzr-bg\" ><img decoding=\"async\" class=\"iso-lazy-load preload-me iso-lazy-load aspect\" src=\"data:image\/svg+xml,%3Csvg%20xmlns%3D&#39;http%3A%2F%2Fwww.w3.org%2F2000%2Fsvg&#39;%20viewBox%3D&#39;0%200%20768%20512&#39;%2F%3E\" data-src=\"https:\/\/unmgp.gob.gt\/es\/wp-content\/uploads\/2025\/09\/bazar3-scaled-768x512.jpg\" data-srcset=\"https:\/\/unmgp.gob.gt\/es\/wp-content\/uploads\/2025\/09\/bazar3-scaled-768x512.jpg 768w, https:\/\/unmgp.gob.gt\/es\/wp-content\/uploads\/2025\/09\/bazar3-scaled-1152x768.jpg 1152w\" loading=\"eager\" style=\"--ratio: 768 \/ 512\" sizes=\"(max-width: 768px) 100vw, 768px\" alt=\"\" title=\"bazar3\" width=\"768\" height=\"512\"  \/><\/a>\t<\/div>\n<\/div>\n\n\n<div class=\"post-entry-content\">\n\n\t<h3 class=\"entry-title\">\n\t\t<a href=\"https:\/\/unmgp.gob.gt\/es\/2025\/09\/08\/el-nuevo-modelo-de-gestion-penitenciaria-presente-en-el-bazar-de-la-prevencion\/\" title=\"El Nuevo Modelo de Gesti\u00f3n Penitenciaria presente en el Bazar de la Prevenci\u00f3n.\" rel=\"bookmark\">El Nuevo Modelo de Gesti\u00f3n Penitenciaria presente en el Bazar de la Prevenci\u00f3n.<\/a>\n\t<\/h3>\n\n\t<div class=\"entry-meta\"><span class=\"category-link\"><a href=\"https:\/\/unmgp.gob.gt\/es\/category\/noticias\/\" >Noticias<\/a><\/span><a class=\"author vcard\" href=\"https:\/\/unmgp.gob.gt\/es\/author\/uadmin\/\" title=\"Ver todas las publicaciones de uadmin\" rel=\"author\">Por <span class=\"fn\">uadmin<\/span><\/a><a href=\"https:\/\/unmgp.gob.gt\/es\/2025\/09\/08\/\" title=\"3:59 pm\" class=\"data-link\" rel=\"bookmark\"><time class=\"entry-date updated\" datetime=\"2025-09-08T15:59:37-06:00\">septiembre 8, 2025<\/time><\/a><a href=\"https:\/\/unmgp.gob.gt\/es\/2025\/09\/08\/el-nuevo-modelo-de-gestion-penitenciaria-presente-en-el-bazar-de-la-prevencion\/#respond\" class=\"comment-link\" >Deja un comentario<\/a><\/div>\n\t<div class=\"entry-excerpt\"><p>El Nuevo Modelo de Gesti\u00f3n Penitenciaria particip\u00f3 en el Bazar de la Prevenci\u00f3n, una actividad organizada por la Unidad para la Prevenci\u00f3n Comunitaria de la Violencia \u2013UPCV\u2013, que tuvo como objetivo promover el talento, la creatividad y el emprendimiento local<\/p>\n<\/div>\n\t\n<a href=\"https:\/\/unmgp.gob.gt\/es\/2025\/09\/08\/el-nuevo-modelo-de-gestion-penitenciaria-presente-en-el-bazar-de-la-prevencion\/\" class=\"post-details details-type-link\" aria-label=\"Read more about El Nuevo Modelo de Gesti\u00f3n Penitenciaria presente en el Bazar de la Prevenci\u00f3n.\">Read more<i class=\"dt-icon-the7-arrow-03\" aria-hidden=\"true\"><\/i><\/a>\n\n<\/div><\/article><\/div><div class=\"visible wf-cell\" data-post-id=\"6669\" data-date=\"2025-09-03T10:38:08-06:00\" data-name=\"Hablar Libre: Un podcast que trasforma realidades.\"><article class=\"post project-odd visible post-6669 type-post status-publish format-standard has-post-thumbnail hentry category-noticias category-20\" data-name=\"Hablar Libre: Un podcast que trasforma realidades.\" data-date=\"2025-09-03T10:38:08-06:00\">\n\n<div class=\"post-thumbnail-wrap\">\n\t<div class=\"post-thumbnail\">\n\t\t\n\t\t\n\t\t<a href=\"https:\/\/unmgp.gob.gt\/es\/2025\/09\/03\/hablar-libre-un-podcast-que-trasforma-realidades\/\" class=\"post-thumbnail-rollover layzr-bg layzr-bg\" ><img decoding=\"async\" class=\"iso-lazy-load preload-me iso-lazy-load aspect\" src=\"data:image\/svg+xml,%3Csvg%20xmlns%3D&#39;http%3A%2F%2Fwww.w3.org%2F2000%2Fsvg&#39;%20viewBox%3D&#39;0%200%20765%20510&#39;%2F%3E\" data-src=\"https:\/\/unmgp.gob.gt\/es\/wp-content\/uploads\/2025\/09\/HablarLibre4-765x510.png\" data-srcset=\"https:\/\/unmgp.gob.gt\/es\/wp-content\/uploads\/2025\/09\/HablarLibre4-765x510.png 765w\" loading=\"eager\" style=\"--ratio: 765 \/ 510\" sizes=\"(max-width: 765px) 100vw, 765px\" alt=\"\" title=\"HablarLibre4\" width=\"765\" height=\"510\"  \/><\/a>\t<\/div>\n<\/div>\n\n\n<div class=\"post-entry-content\">\n\n\t<h3 class=\"entry-title\">\n\t\t<a href=\"https:\/\/unmgp.gob.gt\/es\/2025\/09\/03\/hablar-libre-un-podcast-que-trasforma-realidades\/\" title=\"Hablar Libre: Un podcast que trasforma realidades.\" rel=\"bookmark\">Hablar Libre: Un podcast que trasforma realidades.<\/a>\n\t<\/h3>\n\n\t<div class=\"entry-meta\"><span class=\"category-link\"><a href=\"https:\/\/unmgp.gob.gt\/es\/category\/noticias\/\" >Noticias<\/a><\/span><a class=\"author vcard\" href=\"https:\/\/unmgp.gob.gt\/es\/author\/uadmin\/\" title=\"Ver todas las publicaciones de uadmin\" rel=\"author\">Por <span class=\"fn\">uadmin<\/span><\/a><a href=\"https:\/\/unmgp.gob.gt\/es\/2025\/09\/03\/\" title=\"10:38 am\" class=\"data-link\" rel=\"bookmark\"><time class=\"entry-date updated\" datetime=\"2025-09-03T10:38:08-06:00\">septiembre 3, 2025<\/time><\/a><a href=\"https:\/\/unmgp.gob.gt\/es\/2025\/09\/03\/hablar-libre-un-podcast-que-trasforma-realidades\/#respond\" class=\"comment-link\" >Deja un comentario<\/a><\/div>\n\t<div class=\"entry-excerpt\"><p>Hablar Libre, un p\u00f3dcast donde las mujeres privadas de libertad cuentan con su propia voz sus historias de vida, reflexiones y procesos de transformaci\u00f3n personal. Esta iniciativa nace bajo el liderazgo de la Unidad del Nuevo Modelo de Gesti\u00f3n Penitenciaria<\/p>\n<\/div>\n\t\n<a href=\"https:\/\/unmgp.gob.gt\/es\/2025\/09\/03\/hablar-libre-un-podcast-que-trasforma-realidades\/\" class=\"post-details details-type-link\" aria-label=\"Read more about Hablar Libre: Un podcast que trasforma realidades.\">Read more<i class=\"dt-icon-the7-arrow-03\" aria-hidden=\"true\"><\/i><\/a>\n\n<\/div><\/article><\/div><\/div><!-- iso-container|iso-grid --><\/div>[vc_empty_space height=\u00bb50px\u00bb][\/vc_column][\/vc_row][vc_row][vc_column][\/vc_column][\/vc_row]<\/p>\n<\/div>","protected":false},"excerpt":{"rendered":"<p>[vc_row][vc_column css=\u00bb.vc_custom_1575296582826{padding-bottom: 30px !important;}\u00bb][\/vc_column][vc_column][vc_empty_space height=\u00bb50px\u00bb][\/vc_column][\/vc_row][vc_row][vc_column][\/vc_column][\/vc_row]<\/p>\n","protected":false},"author":1,"featured_media":0,"parent":0,"menu_order":30,"comment_status":"closed","ping_status":"closed","template":"","meta":{"footnotes":""},"class_list":["post-1491","page","type-page","status-publish","hentry","description-off"],"jetpack_sharing_enabled":true,"_links":{"self":[{"href":"https:\/\/unmgp.gob.gt\/es\/wp-json\/wp\/v2\/pages\/1491","targetHints":{"allow":["GET"]}}],"collection":[{"href":"https:\/\/unmgp.gob.gt\/es\/wp-json\/wp\/v2\/pages"}],"about":[{"href":"https:\/\/unmgp.gob.gt\/es\/wp-json\/wp\/v2\/types\/page"}],"author":[{"embeddable":true,"href":"https:\/\/unmgp.gob.gt\/es\/wp-json\/wp\/v2\/users\/1"}],"replies":[{"embeddable":true,"href":"https:\/\/unmgp.gob.gt\/es\/wp-json\/wp\/v2\/comments?post=1491"}],"version-history":[{"count":14,"href":"https:\/\/unmgp.gob.gt\/es\/wp-json\/wp\/v2\/pages\/1491\/revisions"}],"predecessor-version":[{"id":6906,"href":"https:\/\/unmgp.gob.gt\/es\/wp-json\/wp\/v2\/pages\/1491\/revisions\/6906"}],"wp:attachment":[{"href":"https:\/\/unmgp.gob.gt\/es\/wp-json\/wp\/v2\/media?parent=1491"}],"curies":[{"name":"wp","href":"https:\/\/api.w.org\/{rel}","templated":true}]}}